{"id":194408,"date":"2021-03-12T13:30:19","date_gmt":"2021-03-12T18:30:19","guid":{"rendered":"http:\/\/santemc.quebec\/icentre\/?page_id=194408"},"modified":"2021-03-12T13:45:03","modified_gmt":"2021-03-12T18:45:03","slug":"programme-en-bref","status":"publish","type":"page","link":"https:\/\/santemc.quebec\/icentre\/programme-passerelle-formation-infirmiere\/programme-en-bref\/","title":{"rendered":"Programme en bref"},"content":{"rendered":"<p>Cr\u00e9\u00e9 sur mesure pour le CISSSMC par le C\u00e9gep de Saint-Jean-sur-Richelieu, Passerelle Formation Infirmi\u00e8re est un tremplin vers la profession infirmi\u00e8re. Ce programme de formation de 20 mois et demi (2175 heures) est une formule revisit\u00e9e du programme 180.B0, qui est offert ailleurs dans la province.<\/p>\n<p>Offert en alternance travail-\u00e9tudes, le programme permet aux infirmi\u00e8res auxiliaires s\u00e9lectionn\u00e9es de maintenir leur lien d\u2019emploi avec le CISSS de la Mont\u00e9r\u00e9gie-Centre, de continuer \u00e0 travailler \u00e0 temps partiel durant leur formation et de concilier travail-\u00e9tudes-vie familiale tout en d\u00e9veloppant de nouvelles comp\u00e9tences. De plus, les employ\u00e9es acc\u00e9dant \u00e0 la formation n\u2019auront pas \u00e0 assumer les frais li\u00e9s au mat\u00e9riel et aux activit\u00e9s d\u2019apprentissage.<\/p>\n<p>\u00c0 la r\u00e9ussite de leur formation, les employ\u00e9es-\u00e9tudiantes obtiennent un dipl\u00f4me d\u2019\u00e9tudes coll\u00e9giales en soins infirmiers et peuvent commencer \u00e0 travailler comme infirmi\u00e8res au CISSS de la Mont\u00e9r\u00e9gie-Centre.<\/p>\n<p>Le contenu du programme adapt\u00e9, unique au Qu\u00e9bec, fait place \u00e0 plusieurs innovations :<\/p>\n<ul>\n<li>Une formation d\u2019une dur\u00e9e de 20 mois et demi (comparativement aux 36 mois n\u00e9cessaires pour compl\u00e9ter le programme 180.B0).<\/li>\n<li>Un am\u00e9nagement du temps de cours sur 3 jours en semaine (mardi-mercredi-jeudi) pour permettre aux employ\u00e9es-\u00e9tudiantes de continuer \u00e0 travailler \u00e0 temps partiel selon un horaire minimal de 4 jours\/quinzaine.<\/li>\n<li>Des p\u00e9riodes de laboratoires r\u00e9alis\u00e9es soit 2 heures avant ou apr\u00e8s le quart de travail.<\/li>\n<li>Des stages r\u00e9alis\u00e9s en milieu de travail qui permettent de raccourcir la dur\u00e9e du programme.<\/li>\n<li>Des laboratoires et stages r\u00e9mun\u00e9r\u00e9s pour l\u2019employ\u00e9e-\u00e9tudiante.<\/li>\n<\/ul>\n<p>La premi\u00e8re cohorte du programme Passerelle Formation Infirmi\u00e8re amorcera ses cours en ao\u00fbt 2021. Toutefois, comme la formation requiert certains cours pr\u00e9alables, les infirmi\u00e8res auxiliaires qui ne poss\u00e8dent pas ces pr\u00e9requis devront suivre une formation d\u2019appoint offerte par le C\u00e9gep, et ce, d\u00e8s la fin mai 2021, avant d\u2019entamer le programme.<\/p>\n<p>Notez que des crit\u00e8res d\u2019admissibilit\u00e9 sont requis pour acc\u00e9der au programme.<\/p>\n<p>&nbsp;<\/p>\n","protected":false},"excerpt":{"rendered":"<p>Cr\u00e9\u00e9 sur mesure pour le CISSSMC par le C\u00e9gep de Saint-Jean-sur-Richelieu, Passerelle Formation Infirmi\u00e8re est un tremplin vers la profession infirmi\u00e8re. Ce programme de formation de 20 mois et demi (2175 heures) est une formule revisit\u00e9e du programme 180.B0, qui &hellip; <a href=\"https:\/\/santemc.quebec\/icentre\/programme-passerelle-formation-infirmiere\/programme-en-bref\/\">Continuer la lecture <span class=\"meta-nav\">&rarr;<\/span><\/a><\/p>\n","protected":false},"author":1,"featured_media":0,"parent":194402,"menu_order":2,"comment_status":"closed","ping_status":"closed","template":"passerelle.php","meta":{"footnotes":""},"_links":{"self":[{"href":"https:\/\/santemc.quebec\/icentre\/wp-json\/wp\/v2\/pages\/194408"}],"collection":[{"href":"https:\/\/santemc.quebec\/icentre\/wp-json\/wp\/v2\/pages"}],"about":[{"href":"https:\/\/santemc.quebec\/icentre\/wp-json\/wp\/v2\/types\/page"}],"author":[{"embeddable":true,"href":"https:\/\/santemc.quebec\/icentre\/wp-json\/wp\/v2\/users\/1"}],"replies":[{"embeddable":true,"href":"https:\/\/santemc.quebec\/icentre\/wp-json\/wp\/v2\/comments?post=194408"}],"version-history":[{"count":3,"href":"https:\/\/santemc.quebec\/icentre\/wp-json\/wp\/v2\/pages\/194408\/revisions"}],"predecessor-version":[{"id":194421,"href":"https:\/\/santemc.quebec\/icentre\/wp-json\/wp\/v2\/pages\/194408\/revisions\/194421"}],"up":[{"embeddable":true,"href":"https:\/\/santemc.quebec\/icentre\/wp-json\/wp\/v2\/pages\/194402"}],"wp:attachment":[{"href":"https:\/\/santemc.quebec\/icentre\/wp-json\/wp\/v2\/media?parent=194408"}],"curies":[{"name":"wp","href":"https:\/\/api.w.org\/{rel}","templated":true}]}}