{"id":7433,"date":"2018-08-02T15:15:22","date_gmt":"2018-08-02T19:15:22","guid":{"rendered":"http:\/\/santemc.quebec\/icentre\/?page_id=7433"},"modified":"2023-02-08T14:10:04","modified_gmt":"2023-02-08T19:10:04","slug":"dsi-mcgill","status":"publish","type":"page","link":"https:\/\/santemc.quebec\/icentre\/dsi-mcgill\/","title":{"rendered":"D\u00e9ploiement du mod\u00e8le de soins infirmiers McGill\u00a0"},"content":{"rendered":"<p><img decoding=\"async\" loading=\"lazy\" class=\"alignnone wp-image-7872 size-full\" src=\"http:\/\/santemc.quebec\/santemc\/icentre\/wp-content\/uploads\/2018\/10\/Beandeau_entete-1.png\" alt=\"\" width=\"1517\" height=\"155\" srcset=\"https:\/\/santemc.quebec\/santemc\/icentre\/wp-content\/uploads\/2018\/10\/Beandeau_entete-1.png 1517w, https:\/\/santemc.quebec\/santemc\/icentre\/wp-content\/uploads\/2018\/10\/Beandeau_entete-1-300x31.png 300w, https:\/\/santemc.quebec\/santemc\/icentre\/wp-content\/uploads\/2018\/10\/Beandeau_entete-1-768x78.png 768w, https:\/\/santemc.quebec\/santemc\/icentre\/wp-content\/uploads\/2018\/10\/Beandeau_entete-1-1024x105.png 1024w, https:\/\/santemc.quebec\/santemc\/icentre\/wp-content\/uploads\/2018\/10\/Beandeau_entete-1-500x51.png 500w\" sizes=\"(max-width: 1517px) 100vw, 1517px\" \/><br \/>\n\n<style type=\"text\/css\">.singular .entry-title {display:none;}<\/style>\n<\/p>\n<h3>Un mod\u00e8le et un cadre de r\u00e9f\u00e9rence pour guider notre approche et nos interventions<\/h3>\n<p>Le comit\u00e9 de direction du CISSS de la Mont\u00e9r\u00e9gie-Centre a adopt\u00e9, en septembre 2018, le <a href=\"http:\/\/santemc.quebec\/santemc\/icentre\/wp-content\/uploads\/2018\/09\/Cadre_reference_McGill.pdf\" target=\"_blank\" rel=\"noopener noreferrer\">cadre de r\u00e9f\u00e9rence du Mod\u00e8le McGill<\/a>\u00a0qui porte sur l\u2019exercice des soins infirmiers au CISSS de la Mont\u00e9r\u00e9gie-Centre.<\/p>\n<p>L\u2019adoption de ce document venait officialiser l\u2019engagement de l\u2019organisation \u00e0 d\u00e9ployer une vision clinique rassembleuse: le mod\u00e8le de soins infirmiers McGill.<\/p>\n<p>Ce mod\u00e8le de soins est tout \u00e0 fait en coh\u00e9rence avec l\u2019approche de collaboration professionnelle et il int\u00e8gre l\u2019approche fond\u00e9e sur les forces.<\/p>\n<p>L\u2019int\u00e9gration de ce mod\u00e8le permettra d\u2019harmoniser la pratique des soins infirmiers, de cr\u00e9er un langage commun ainsi que d\u2019am\u00e9liorer l\u2019efficience et la pertinence des soins et services offerts; le tout en orientant les actions \u00e0 partir de postulats et de valeurs d\u00e9crites dans le cadre de r\u00e9f\u00e9rence.<\/p>\n<p>&nbsp;<\/p>\n<h1 style=\"text-align: center;\">Le cadre de r\u00e9f\u00e9rence McGill &#8211;\u00a0<a href=\"http:\/\/santemc.quebec\/santemc\/icentre\/wp-content\/uploads\/2018\/09\/Cadre_reference_McGill.pdf\">T\u00e9l\u00e9charger le document<\/a><\/h1>\n<p>&nbsp;<\/p>\n<div id=\"accordion\">\n<h3><strong><span style=\"color: #0079b0;\">SECTION 1 : GOUVERNANCE ET ALIGNEMENT &#8211; IMPLANTATION<\/span><\/strong><\/h3>\n<div>\n<p><strong>Fondements<\/strong><\/p>\n<ul>\n<li><a href=\"http:\/\/santemc.quebec\/santemc\/icentre\/wp-content\/uploads\/2018\/09\/Cadre_reference_McGill.pdf\">Cadre de r\u00e9f\u00e9rence du Mod\u00e8le McGill<\/a><\/li>\n<li><a href=\"http:\/\/santemc.quebec\/santemc\/icentre\/wp-content\/uploads\/2019\/04\/VisionDSI_Alignements-_20190313.pptx\" target=\"_blank\" rel=\"noopener noreferrer\">Vision DSI \u2013 Alignements et cibles de r\u00e9sultats d\u2019ici 2021<\/a><\/li>\n<\/ul>\n<p><a href=\"http:\/\/santemc.quebec\/santemc\/icentre\/wp-content\/uploads\/2018\/11\/Structure-de-projet_RR_27-nov.-2018-avec-logo.pptx\"><strong>Structure du projet\u00a0<\/strong><\/a><\/p>\n<ul>\n<li><a href=\"http:\/\/santemc.quebec\/santemc\/icentre\/wp-content\/uploads\/2019\/04\/Structure-de-projet_RR_20190301.pdf\" target=\"_blank\" rel=\"noopener noreferrer\">La structure du projet : r\u00f4les et responsabilit\u00e9s des instances cl\u00e9s<\/a><\/li>\n<li><a href=\"http:\/\/santemc.quebec\/santemc\/icentre\/wp-content\/uploads\/2019\/04\/Distinctions_RR_InstancesCles_20190301.pdf\" target=\"_blank\" rel=\"noopener noreferrer\">Distinction : R\u00f4les et responsabilit\u00e9s des ressources cl\u00e9s<\/a><\/li>\n<\/ul>\n<p><a href=\"http:\/\/santemc.quebec\/santemc\/icentre\/wp-content\/uploads\/2019\/04\/ListeCoachs_ModeleMcGill_vF20181219med.chir_.xlsx\" target=\"_blank\" rel=\"noopener noreferrer\">Liste des coachs<\/a><\/p>\n<\/div>\n<\/div>\n<div id=\"accordion\">\n<h3><strong><span style=\"color: #0079b0;\">SECTION 2\u00a0: PLAN DE FORMATION DES \u00c9QUIPES TERRAIN<\/span><\/strong><\/h3>\n<div>\n<h4>Formation pour les \u00e9quipes de soins &#8211; Pr\u00e9sentation PowerPoint<\/h4>\n<ul>\n<li style=\"list-style-type: none;\">\n<ul>\n<li>Activit\u00e9 1 \u2013 Le mod\u00e8le McGill \u2013 <a href=\"http:\/\/santemc.quebec\/santemc\/icentre\/wp-content\/uploads\/2019\/04\/Act.1_AssisesTheoriquesConceptsCentrauxEtTerminologie.pptx\" target=\"_blank\" rel=\"noopener noreferrer\">Assises th\u00e9oriques, concepts centraux et terminologie<\/a><\/li>\n<li>Activit\u00e9 2 \u2013 Le mod\u00e8le McGill \u2013 <a href=\"https:\/\/santemc.quebec\/santemc\/icentre\/wp-content\/uploads\/2019\/10\/activit\u00e9-2-Version-imprimable-1.pptx\" target=\"_blank\" rel=\"noopener noreferrer\">\u00c9valuation de la situation de sant\u00e9 \u2013 Collecte de donn\u00e9es selon le mod\u00e8le McGill<\/a>\n<ul>\n<li><a href=\"https:\/\/santemc.quebec\/Documents\/activite2_Version_finale_narree2.ppsx\" target=\"_blank\" rel=\"noopener noreferrer\">Document PowerPoint narr\u00e9<\/a> <strong>(***Attention : document lourd 272 Mo***)<\/strong><\/li>\n<li><a href=\"https:\/\/santemc.quebec\/santemc\/icentre\/wp-content\/uploads\/2019\/10\/Outil-questions-syst\u00e9miques.docx\">Questions syst\u00e9miques &#8211; Collecte de donn\u00e9es<\/a><\/li>\n<\/ul>\n<\/li>\n<li>Activit\u00e9 3 \u2013 <a href=\"https:\/\/santemc.quebec\/santemc\/icentre\/wp-content\/uploads\/2020\/01\/Maj_15-01-2020_Act3_LAnalyseEtInterpretationDonnees.pptx\" target=\"_blank\" rel=\"noopener noreferrer\">Le mod\u00e8le McGill \u2013 L\u2019analyse et l\u2019interpr\u00e9tation<\/a><\/li>\n<li>Activit\u00e9 4 \u2013 <a href=\"https:\/\/santemc.quebec\/santemc\/icentre\/wp-content\/uploads\/2020\/03\/Version_imprimable_Activit\u00e9-4.pdf\" target=\"_blank\" rel=\"noopener noreferrer\">Le mod\u00e8le McGill \u2013 Ex\u00e9cution des interventions \u2013 \u00c9valuation des r\u00e9sultats<\/a>\n<ul>\n<li><a href=\"https:\/\/santemc.quebec\/santemc\/icentre\/wp-content\/uploads\/2020\/03\/Version_narr\u00e9e_Activit\u00e9-4.pptx\" target=\"_blank\" rel=\"noopener noreferrer\">Document PowerPoint narr\u00e9<\/a> <strong>(***Attention : document lourd 50 Mo***)<\/strong><\/li>\n<\/ul>\n<\/li>\n<li>Activit\u00e9 5 \u2013 Le mod\u00e8le McGill \u2013 <a href=\"http:\/\/santemc.quebec\/santemc\/icentre\/wp-content\/uploads\/2019\/04\/Act.5_CollaborationInterprof.pptx\" target=\"_blank\" rel=\"noopener noreferrer\">Analyse de contexte clinique &#8211; Strat\u00e9gie d\u2019intervention interdisciplinaire<\/a><\/li>\n<\/ul>\n<\/li>\n<\/ul>\n<h4>Affiches des d\u00e9fis de communication en lien avec chaque activit\u00e9 McGill<\/h4>\n<ul>\n<li>Activit\u00e9 1 :<a href=\"http:\/\/santemc.quebec\/santemc\/icentre\/wp-content\/uploads\/2019\/04\/AfficheMcGill_Act.1.docx\" target=\"_blank\" rel=\"noopener noreferrer\"> \u00ab Qu\u2019est-ce qui est le plus important pour vous aujourd\u2019hui ? \u00bb<\/a><\/li>\n<li>Activit\u00e9 2 : <a href=\"http:\/\/santemc.quebec\/santemc\/icentre\/wp-content\/uploads\/2019\/04\/AfficheMcGill_Act.2.docx\" target=\"_blank\" rel=\"noopener noreferrer\">\u00ab Qu\u2019avez-vous fait jusqu\u2019\u00e0 maintenant pour vous adapter \u00e0 la situation actuelle ? \u00bb<\/a><\/li>\n<li>Activit\u00e9 3 : <a href=\"http:\/\/santemc.quebec\/santemc\/icentre\/wp-content\/uploads\/2019\/04\/AfficheMcGill_Act.3.docx\" target=\"_blank\" rel=\"noopener noreferrer\">\u00ab \u00cates-vous pr\u00eat(e) \u00e0 vous engager dans le changement? \u00bb<\/a><\/li>\n<li>Activit\u00e9 4 : <a href=\"http:\/\/santemc.quebec\/santemc\/icentre\/wp-content\/uploads\/2019\/04\/AfficheMcGill_Act.4.docx\" target=\"_blank\" rel=\"noopener noreferrer\">\u00ab O\u00f9 en \u00eates-vous par rapport aux objectifs que vous vous \u00eates fix\u00e9s? \u00bb<\/a><\/li>\n<li>Activit\u00e9 5 : <a href=\"http:\/\/santemc.quebec\/santemc\/icentre\/wp-content\/uploads\/2019\/04\/AfficheMcGill_Act.5.docx\" target=\"_blank\" rel=\"noopener noreferrer\">\u00ab Avez-vous bien communiqu\u00e9 \u00e0 l\u2019\u00e9quipe ce qui \u00e9tait le plus important pour la personne\/famille? \u00bb<\/a><\/li>\n<li><a href=\"http:\/\/santemc.quebec\/santemc\/icentre\/wp-content\/uploads\/2018\/11\/Tableau-des-ressources-pour-la-formation-Mode\u0300le-Mc-Gill.xlsx\">Liste de vos effectifs (par titre d\u2019emploi, par quart de travail, par service)<\/a>\n<ul>\n<li>Les dates de formation cibl\u00e9e<\/li>\n<li>La logistique des rencontres de formation<\/li>\n<li>Votre plan de suivi des formations offertes<\/li>\n<\/ul>\n<\/li>\n<\/ul>\n<\/div>\n<\/div>\n<div id=\"accordion\">\n<h3><strong><span style=\"color: #0079b0;\">SECTION 3 : COMMUNICATION ET CONDUITE DU CHANGEMENT<\/span><\/strong><\/h3>\n<ul>\n<li>Feuillets promotionnels (\u00e0 venir)<\/li>\n<\/ul>\n<\/div>\n<div id=\"accordion\">\n<h3><strong><span style=\"color: #0079b0;\">SECTION 4 : DOCUMENTATION UTILE<\/span><\/strong><\/h3>\n<ul>\n<li><a href=\"http:\/\/santemc.quebec\/santemc\/icentre\/wp-content\/uploads\/2019\/04\/Principles_of_Strengths-Based_Nursing_Leadership_f.pdf\" target=\"_blank\" rel=\"noopener noreferrer\">Gottlieb, L. N., Gottlieb, B., et Shamian, J. (2012). Principles of strengths-based nursing leadership for strengths-based nursing care: A new paradigm for nursing and healthcare for the 21 st century. Nursing Leadership, 25(2), 38-50.<\/a><\/li>\n<li><a href=\"http:\/\/santemc.quebec\/santemc\/icentre\/wp-content\/uploads\/2019\/04\/Gottlieb-L.-N._Strenghts-Based-Nursing_2014.pdf\" target=\"_blank\" rel=\"noopener noreferrer\">Gottlieb. L.-N. (2014). Strengths &#8211; Based Nursing. A holistic approach to care, grounded in eight core values. AJN. August., Vol. 114, No.8, pages 24-32<\/a><\/li>\n<\/ul>\n<\/div>\n<h1><\/h1>\n<h1>Actualit\u00e9s<\/h1>\n<ul>\n<li>Note de service du 2 octobre 2018<br \/>\n<a href=\"http:\/\/santemc.quebec\/santemc\/icentre\/wp-content\/uploads\/2018\/10\/NS_2018-10-02_Lancement-McGill_CISSSMC.pdf\" target=\"_blank\" rel=\"noopener noreferrer\">Mod\u00e8le de soins infirmiers McGill : une vision clinique pour le CISSS<\/a><\/li>\n<li>Note de service du 15 octobre 2018<br \/>\n<a href=\"http:\/\/santemc.quebec\/santemc\/icentre\/wp-content\/uploads\/2018\/10\/NS_2018-10-15_Lancement-McGill_DPJeunesse.pdf\" target=\"_blank\" rel=\"noopener noreferrer\">Mod\u00e8le de soins infirmiers McGill : d\u00e9ploiement dans les secteurs de le Direction du programme jeunesse<\/a><\/li>\n<\/ul>\n","protected":false},"excerpt":{"rendered":"<p>Un mod\u00e8le et un cadre de r\u00e9f\u00e9rence pour guider notre approche et nos interventions Le comit\u00e9 de direction du CISSS de la Mont\u00e9r\u00e9gie-Centre a adopt\u00e9, en septembre 2018, le cadre de r\u00e9f\u00e9rence du Mod\u00e8le McGill\u00a0qui porte sur l\u2019exercice des soins &hellip; <a href=\"https:\/\/santemc.quebec\/icentre\/dsi-mcgill\/\">Continuer la lecture <span class=\"meta-nav\">&rarr;<\/span><\/a><\/p>\n","protected":false},"author":1,"featured_media":0,"parent":0,"menu_order":0,"comment_status":"closed","ping_status":"closed","template":"mcgill.php","meta":{"footnotes":""},"_links":{"self":[{"href":"https:\/\/santemc.quebec\/icentre\/wp-json\/wp\/v2\/pages\/7433"}],"collection":[{"href":"https:\/\/santemc.quebec\/icentre\/wp-json\/wp\/v2\/pages"}],"about":[{"href":"https:\/\/santemc.quebec\/icentre\/wp-json\/wp\/v2\/types\/page"}],"author":[{"embeddable":true,"href":"https:\/\/santemc.quebec\/icentre\/wp-json\/wp\/v2\/users\/1"}],"replies":[{"embeddable":true,"href":"https:\/\/santemc.quebec\/icentre\/wp-json\/wp\/v2\/comments?post=7433"}],"version-history":[{"count":55,"href":"https:\/\/santemc.quebec\/icentre\/wp-json\/wp\/v2\/pages\/7433\/revisions"}],"predecessor-version":[{"id":207188,"href":"https:\/\/santemc.quebec\/icentre\/wp-json\/wp\/v2\/pages\/7433\/revisions\/207188"}],"wp:attachment":[{"href":"https:\/\/santemc.quebec\/icentre\/wp-json\/wp\/v2\/media?parent=7433"}],"curies":[{"name":"wp","href":"https:\/\/api.w.org\/{rel}","templated":true}]}}