{"id":7954,"date":"2018-10-24T11:42:33","date_gmt":"2018-10-24T15:42:33","guid":{"rendered":"http:\/\/santemc.quebec\/icentre\/?page_id=7954"},"modified":"2018-11-27T12:58:40","modified_gmt":"2018-11-27T17:58:40","slug":"documents-et-outils","status":"publish","type":"page","link":"https:\/\/santemc.quebec\/icentre\/dsi-mcgill\/documents-et-outils\/","title":{"rendered":"Documents et outils"},"content":{"rendered":"<h1 style=\"text-align: center;\">Le cadre de r\u00e9f\u00e9rence McGill &#8211;\u00a0<a href=\"http:\/\/santemc.quebec\/santemc\/icentre\/wp-content\/uploads\/2018\/09\/Cadre_reference_McGill.pdf\">T\u00e9l\u00e9charger le document<\/a><\/h1>\n<p><strong>D\u00e9ploiement au CISSS\u00a0<\/strong><\/p>\n<ul>\n<li><a href=\"http:\/\/santemc.quebec\/santemc\/icentre\/wp-content\/uploads\/2018\/10\/Ordonnancement.pdf\" target=\"_blank\" rel=\"noopener\">Ordonnancement du d\u00e9ploiement<\/a><\/li>\n<\/ul>\n","protected":false},"excerpt":{"rendered":"<p>Le cadre de r\u00e9f\u00e9rence McGill &#8211;\u00a0T\u00e9l\u00e9charger le document D\u00e9ploiement au CISSS\u00a0 Ordonnancement du d\u00e9ploiement<\/p>\n","protected":false},"author":1,"featured_media":0,"parent":7433,"menu_order":2,"comment_status":"closed","ping_status":"closed","template":"mcgill.php","meta":{"footnotes":""},"_links":{"self":[{"href":"https:\/\/santemc.quebec\/icentre\/wp-json\/wp\/v2\/pages\/7954"}],"collection":[{"href":"https:\/\/santemc.quebec\/icentre\/wp-json\/wp\/v2\/pages"}],"about":[{"href":"https:\/\/santemc.quebec\/icentre\/wp-json\/wp\/v2\/types\/page"}],"author":[{"embeddable":true,"href":"https:\/\/santemc.quebec\/icentre\/wp-json\/wp\/v2\/users\/1"}],"replies":[{"embeddable":true,"href":"https:\/\/santemc.quebec\/icentre\/wp-json\/wp\/v2\/comments?post=7954"}],"version-history":[{"count":4,"href":"https:\/\/santemc.quebec\/icentre\/wp-json\/wp\/v2\/pages\/7954\/revisions"}],"predecessor-version":[{"id":8924,"href":"https:\/\/santemc.quebec\/icentre\/wp-json\/wp\/v2\/pages\/7954\/revisions\/8924"}],"up":[{"embeddable":true,"href":"https:\/\/santemc.quebec\/icentre\/wp-json\/wp\/v2\/pages\/7433"}],"wp:attachment":[{"href":"https:\/\/santemc.quebec\/icentre\/wp-json\/wp\/v2\/media?parent=7954"}],"curies":[{"name":"wp","href":"https:\/\/api.w.org\/{rel}","templated":true}]}}